{"id":67,"date":"2020-03-05T18:55:26","date_gmt":"2020-03-05T16:55:26","guid":{"rendered":"https:\/\/www.adfgavarres.cat\/?page_id=67"},"modified":"2020-03-05T18:55:27","modified_gmt":"2020-03-05T16:55:27","slug":"estatuts-socials-de-la-federacio-dagrupacions-de-defensa-forestal-les-gavarres","status":"publish","type":"page","link":"https:\/\/www.adfgavarres.cat\/?page_id=67","title":{"rendered":"ESTATUTS SOCIALS DE LA FEDERACI\u00d3 D\u2019AGRUPACIONS DE DEFENSA FORESTAL LES GAVARRES"},"content":{"rendered":"\n<h2 class=\"wp-block-heading\">Cap\u00edtol I. La denominaci\u00f3, els fins i el domicili<\/h2>\n\n\n\n<h3 class=\"wp-block-heading\">Article 1. Denominaci\u00f3<\/h3>\n\n\n\n<ol class=\"wp-block-list\"><li>Amb la denominaci\u00f3 Federaci\u00f3 d\u2019Agrupacions de Defensa Forestal Les Gavarres es constitueix una Federaci\u00f3 d\u2019Agrupacions de Defensa Forestal, que regula les seves activitats d\u2019acord amb el que estableix la Llei 4\/2008, de 24 d\u2019abril, del llibre tercer del Codi civil de Catalunya, relatiu a les persones jur\u00eddiques; la Llei org\u00e0nica 1\/2002, de 22 de mar\u00e7, reguladora del dret d\u2019associaci\u00f3, i els seus estatuts.<\/li><\/ol>\n\n\n\n<h3 class=\"wp-block-heading\">Article 2. Els fins<\/h3>\n\n\n\n<ol class=\"wp-block-list\"><li>El fi de la Federaci\u00f3 \u00e9s la lluita integral contra els incendis forestals, que inclour\u00e0 les tasques seg\u00fcents:\na) Assessorar i donar suport a tots nivells a les Agrupacions de Defensa Forestal federades.\nb) Negociar amb les administracions convenis o programes de col\u00b7laboraci\u00f3, i les subvencions corresponents, sense que afectin a les que tenen dret individualment cadascuna de les ADF federades.\nc) Oferir coordinaci\u00f3 a les ADF federades en les actuacions i intervencions que ho requereixin.\nd) Consensuar prioritats i posar en com\u00fa necessitats i propostes de tots els federats.\ne) Coordinar la gesti\u00f3 del voluntariat, per a simplificar la formaci\u00f3 i localitzaci\u00f3 de tots els efectius en cas d\u2019emerg\u00e8ncia o necessitat.\nf) Estar alerta de totes les novetats que puguin interessar a les ADF federades per a posar-ho en el seu coneixement el m\u00e9s aviat possible.<\/li><li>La Federaci\u00f3 t\u00e9 personalitat jur\u00eddica pr\u00f2pia per representar les Agrupacions de Defensa Forestal federades quan aquestes ho sol\u00b7licitin i per facilitar l\u2019acompliment dels fins que li siguin propis.<\/li><li>En queda excl\u00f2s tot \u00e0nim de lucre.<\/li><\/ol>\n\n\n\n<h3 class=\"wp-block-heading\">Article 3. Domicili i \u00e0mbit<\/h3>\n\n\n\n<ol class=\"wp-block-list\"><li>El domicili de la Federaci\u00f3 s&#8217;estableix a la zona esportiva municipal s\/n, de Santa Cristina d&#8217;Aro. Per a variar el domicili social nom\u00e9s ser\u00e0 necessari l\u2019acord previ de l\u2019Assemblea de la Federaci\u00f3.<\/li><li>L&#8217;\u00e0mbit d&#8217;activitat principal de l\u2019entitat \u00e9s el dels municipis de les Agrupacions de Defensa Forestal federades. No obstant aix\u00f2, tamb\u00e9 es considera indicativa de l&#8217;\u00e0mbit d&#8217;activitat qualsevol altra refer\u00e8ncia geogr\u00e0fica (sigui de car\u00e0cter local, comarcal, provincial, auton\u00f2mic, estatal o internacional) relacionada amb les activitats de la Federaci\u00f3.<\/li><\/ol>\n\n\n\n<h2 class=\"wp-block-heading\">Cap\u00edtol II. Els membres de la Federaci\u00f3, els seus drets i les seves obligacions<\/h2>\n\n\n\n<h3 class=\"wp-block-heading\">Article 4. Membres<\/h3>\n\n\n\n<ol class=\"wp-block-list\"><li>Poden formar part de la Federaci\u00f3 totes les Agrupacions de Defensa Forestal constitu\u00efdes legalment que tinguin el ser \u00e0mbit territorial, totalment o parcialment, dins les comarques del Baix Empord\u00e0, Giron\u00e8s i Pla de &#8216;Estany.<\/li><li>Han de presentar una sol\u00b7licitud per escrit a la Junta Directiva, la qual prendr\u00e0 una decisi\u00f3 sobre aix\u00f2 en la primera reuni\u00f3 que tingui lloc i la comunicar\u00e0 en l\u2019Assemblea General m\u00e9s immediata.<\/li><\/ol>\n\n\n\n<h3 class=\"wp-block-heading\">Article 5. Drets dels membres.<\/h3>\n\n\n\n<ol class=\"wp-block-list\"><li>S\u00f3n drets de les Agrupacions de Defensa Forestal de la Federaci\u00f3:\na) Assistir amb veu a les reunions de l&#8217;Assemblea General i Junta Directiva amb tants vots per ADF com superf\u00edcie forestal tingui en base a les dades del darrer inventari forestal fet per el CREAF (Centre de Recerca Ecol\u00f2gica i Aplicacions Forestals) segons els seg\u00fcents criteris:\nI. Cada ADF tindr\u00e0 un vot per cada mil hect\u00e0rees de forest, arrodonint amb m\u00e9s o menys a partir de cinc-centes hect\u00e0rees.\nII. Tota ADF tindr\u00e0 com a m\u00ednim un representant i un m\u00e0xim de deu.\nIII. S&#8217;adjuntar\u00e0 als estatuts un annex un pl\u00e0nols amb els territoris de cada ADF, la relaci\u00f3 de superf\u00edcie segons el darrer inventari del CREAF i els vots que li corresponguin segons l&#8217;aplicaci\u00f3 dels criteris cordats.\nIV. Abans de cada assemblea es comprovar\u00e0 la vig\u00e8ncia de les dades de l&#8217;annex; en cas de variacions del nombre de ADF federades o nova versi\u00f3 de l&#8217;inventari del CREAF, el t\u00e8cnic de la Federaci\u00f3 en realitzar\u00e0 una actualitzaci\u00f3 que s&#8217;haur\u00e0 de sotmetre a aprovaci\u00f3 per tots els representants en el primer punt de l&#8217;ordre del dia. Els representants de cada ADF federada decidiran lliurement el sentit dels vots que pertoquin a la seva entitat.\nb) Elegir o ser elegits per als llocs de representaci\u00f3 o per exercir c\u00e0rrecs directius.\nc) Exercir la representaci\u00f3 que se&#8217;ls confereixi en cada cas.\nd) Intervenir en el govern i les gestions, en els serveis i les activitats de la Federaci\u00f3 d&#8217;acord amb les normes legals i estatut\u00e0ries.\ne) Exposar a l&#8217;Assemblea i a la Junta Directiva tot el que considerin que pugui contribuir a fer m\u00e9s plena la vida la Federaci\u00f3 i m\u00e9s efica\u00e7 la realitzaci\u00f3 dels objectius socials b\u00e0sics.\nf) Sol\u00b7licitar i obtenir explicacions sobre l&#8217;administraci\u00f3 i la gesti\u00f3 de la Junta Directiva o dels mandataris de la Federaci\u00f3.\ng) \u00c9sser escoltats pr\u00e8viament a l&#8217;adopci\u00f3 de mesures disciplin\u00e0ries.\nh) Rebre informaci\u00f3 sobre les activitats de la Federaci\u00f3.\ni) Fer \u00fas dels serveis comuns que la Federaci\u00f3 estableixi o tingui a la seva disposici\u00f3.\nj) Formar part dels grups de treball.\nk) Posseir un exemplar dels estatuts.\nl) Consultar els llibres de la Federaci\u00f3.<\/li><\/ol>\n\n\n\n<h3 class=\"wp-block-heading\">Article 6. Obligacions dels membres<\/h3>\n\n\n\n<ol class=\"wp-block-list\"><li>S\u00f3n deures de les Agrupacions de Defensa Forestal de la Federaci\u00f3:\na) Comprometre&#8217;s amb les finalitats de la Federaci\u00f3 i participar activament per assolir-les.\nb) Complir la resta d&#8217;obligacions que resultin de les disposicions estatut\u00e0ries.\nc) Acatar i complir els acords v\u00e0lidament adoptats pels \u00f2rgans de govern de la Federaci\u00f3.<\/li><\/ol>\n\n\n\n<h3 class=\"wp-block-heading\">Article 7. Baixes<\/h3>\n\n\n\n<p>S\u00f3n causes per ser donada de baixa de la Federaci\u00f3:<\/p>\n\n\n\n<ol class=\"wp-block-list\"><li>Que ho decideixi l\u2019Agrupaci\u00f3 de Defensa Forestal interessada, que ha de comunicar per escrit raonadament la justificaci\u00f3 de la seva decisi\u00f3, amb un acord de la Junta Directiva corresponent, i entregar-ho a la Junta Directiva de la Federaci\u00f3.<\/li><li>No complir les obligacions estatut\u00e0ries.<\/li><\/ol>\n\n\n\n<h2 class=\"wp-block-heading\">Cap\u00edtol III. L&#8217;Assemblea General<\/h2>\n\n\n\n<h3 class=\"wp-block-heading\">Article 8. Representants<\/h3>\n\n\n\n<ol class=\"wp-block-list\"><li>L&#8217;Assemblea General \u00e9s l&#8217;\u00f2rgan sobir\u00e0 de la Federaci\u00f3; els seus membres en formen part per dret propi i irrenunciable. Esta constitu\u00efda pels representants de cadascuna de les ADF que formen part de la Federaci\u00f3. Com a m\u00ednim, aquest seran el President i el Secretari de cada Agrupaci\u00f3.<\/li><li>Els membres de la Federaci\u00f3, reunits en Assemblea General legalment constitu\u00efda prenen els acords per majoria de tres quarts de la quota de vot de cada Agrupaci\u00f3 de Defensa Forestal present o delegada.<\/li><li>Tots els membres queden subjectes als acords de l&#8217;Assemblea General, incloent-hi els absents, els qui en discrepen i els presents que s&#8217;han abstingut de votar.<\/li><li>Cadascuna de les Agrupacions s\u00f3n lliures de convidar qualsevol dels seus socis o representants dels municipis que la formen.<\/li><\/ol>\n\n\n\n<h3 class=\"wp-block-heading\">Article 9. Facultats<\/h3>\n\n\n\n<ol class=\"wp-block-list\"><li>L&#8217;Assemblea General t\u00e9 les facultats seg\u00fcents:\na) Modificar els estatuts.\nb) Elegir i separar els membres de l&#8217;\u00f2rgan de govern i controlar-ne l&#8217;activitat.\nc) Aprovar el pressupost anual i la liquidaci\u00f3 de comptes anuals i aprovar la gesti\u00f3 feta per l&#8217;\u00f2rgan de govern.\nd) Acordar la dissoluci\u00f3 de la Federaci\u00f3.\ne) Incorporar-se a altres unions d&#8217;associacions o separar-se&#8217;n.\nf) Sol\u00b7licitar la declaraci\u00f3 d&#8217;utilitat p\u00fablica.\ng) Aprovar el reglament de r\u00e8gim interior.\nh) Acordar la baixa o la separaci\u00f3 definitiva, amb un expedient previ, de les Agrupacions de Defensa Forestal federades.\ni) Con\u00e8ixer les sol\u00b7licituds d\u2019Agrupacions de Defensa Forestal presentades per a \u00e9sser federades, i tamb\u00e9 les altes i les baixes d\u2019Agrupacions de Defensa Forestal federades per una ra\u00f3 distinta a la de la separaci\u00f3 definitiva.\nj) Resoldre sobre qualsevol altra q\u00fcesti\u00f3 que no estigui directament atribu\u00efda a cap altre \u00f2rgan de la Federaci\u00f3. La relaci\u00f3 de les facultats que es fa en aquest article t\u00e9 un car\u00e0cter merament enunciatiu i no limita les atribucions de l&#8217;Assemblea General.<\/li><\/ol>\n\n\n\n<h3 class=\"wp-block-heading\">Article 10. Reunions<\/h3>\n\n\n\n<ol class=\"wp-block-list\"><li>L&#8217;Assemblea General es reuneix en sessi\u00f3 ordin\u00e0ria com a m\u00ednim un cop per any.<\/li><li>L&#8217;\u00f2rgan de govern pot convocar l&#8217;assemblea general amb car\u00e0cter extraordinari sempre que ho consideri convenient, i ho ha de fer quan ho sol\u00b7liciti un nombre de membres no inferior a 3; en aquest cas, l&#8217;assemblea ha de tenir lloc dins el termini de trenta dies a comptar de la sol\u00b7licitud.<\/li><\/ol>\n\n\n\n<h3 class=\"wp-block-heading\">Article 11. Convocat\u00f2ria i actes.<\/h3>\n\n\n\n<ol class=\"wp-block-list\"><li>L&#8217;assemblea \u00e9s convocada per l&#8217;\u00f2rgan de govern mitjan\u00e7ant una convocat\u00f2ria, que ha de contenir, com a m\u00ednim, l&#8217;ordre del dia, el lloc, la data i l&#8217;hora de la reuni\u00f3.<\/li><li>La convocat\u00f2ria s&#8217;ha de comunicar com a m\u00ednim quinze dies abans de la reuni\u00f3 individualment mitjan\u00e7ant correu electr\u00f2nic, carta postal, o altre mitj\u00e0 que pugui aprovar en el futur l&#8217;Assemblea General, a les adreces o contactes que constin a la darrera relaci\u00f3 de dades facilitada per les ADF federades.<\/li><li>Les reunions de l&#8217;Assemblea General, les presideix el president de la Federaci\u00f3. Si no hi \u00e9s, l&#8217;han de substituir, successivament, el vicepresident o el vocal de m\u00e9s edat de la Junta. Hi ha d&#8217;actuar com a secretari qui ocupi el mateix c\u00e0rrec a la Junta Directiva. Si el Secretari no hi \u00e9s, l\u2019ha de substituir el vocal m\u00e9s jove de la Junta Directiva, que no podr\u00e0 coincidir amb qui exerceixi de President.<\/li><li>El secretari redacta l&#8217;acta de cada reuni\u00f3, que han de signar ell mateix i el president, amb un extracte de les deliberacions, el text dels acords adoptats, el resultat num\u00e8ric de les votacions i la llista de les persones assistents. Al comen\u00e7ament de cada reuni\u00f3 de l&#8217;Assemblea General es llegeix l&#8217;acta de la sessi\u00f3 anterior a fi que s&#8217;aprovi o s&#8217;esmeni. Cinc dies abans, de tota manera, l&#8217;acta i qualsevol altra documentaci\u00f3 ha d&#8217;estar a disposici\u00f3 dels representants de cada Agrupaci\u00f3 de Defensa Forestal al seu local social.<\/li><\/ol>\n\n\n\n<h3 class=\"wp-block-heading\">Article 12. Constituci\u00f3 i ampliaci\u00f3 de l\u2019ordre del dia<\/h3>\n\n\n\n<ol class=\"wp-block-list\"><li>L&#8217;assemblea general es constitueix v\u00e0lidament sigui quin sigui el nombre de membres i representants.<\/li><li>Tres dels membres de la federaci\u00f3 poden sol\u00b7licitar a l&#8217;\u00f2rgan de govern la inclusi\u00f3 en l&#8217;ordre del dia d&#8217;un o m\u00e9s assumptes per tractar i, si ja s&#8217;ha convocat l&#8217;assemblea, sempre que ho facin dins el primer ter\u00e7 del per\u00edode compr\u00e8s entre la recepci\u00f3 de la convocat\u00f2ria i la data de la reuni\u00f3 d&#8217;aquella. La sol\u00b7licitud tamb\u00e9 es pot fer directament a l&#8217;assemblea, que decideix el que considera convenient, per\u00f2 \u00fanicament pot adoptar acords respecte als punts no inclosos en l&#8217;ordre del dia comunicat en la convocat\u00f2ria, si aix\u00ed ho decideix una majoria de les tres quartes parts de les persones presents.<\/li><li>Cadascuna de les Agrupacions de Defensa Forestal podr\u00e0 nomenar delegat del seus representants en una carta signada per el President o Secretari de la pr\u00f2pia Agrupaci\u00f3 de Defensa Forestal.<\/li><\/ol>\n\n\n\n<h3 class=\"wp-block-heading\">Article 13. Presa d\u2019acords i elecci\u00f3 Junta Directiva<\/h3>\n\n\n\n<ol class=\"wp-block-list\"><li>Corresponen a cada membre els vots expressats en l\u2019article 5. Els acords es prenen per majoria de tres quarts de la quota de vot de cada Agrupaci\u00f3 de Defensa Forestal present o delegada.<\/li><li>Per adoptar acords sobre la separaci\u00f3 dels membres, la modificaci\u00f3 dels estatuts, la dissoluci\u00f3 de la Federaci\u00f3, la constituci\u00f3 d&#8217;una Associaci\u00f3 amb associacions similars o la integraci\u00f3 en una de ja existent, caldr\u00e0 tamb\u00e9 una majoria de tres quarts de la quota de vot de cada Agrupaci\u00f3 de Defensa Forestal present o delegada.<\/li><li>En qualsevol cas, l&#8217;elecci\u00f3 de la Junta Directiva, si es presenten diverses candidatures, es fa per acord d\u2019una majoria de tres quarts de la quota de vot de cada Agrupaci\u00f3 de Defensa Forestal present o delegada.<\/li><li>Les candidatures que es presentin formalment tenen dret a una c\u00f2pia de la llista dels representants de cada Agrupaci\u00f3 de Defensa Forestal i dels seus domicilis certificada pel secretari amb el vistiplau del president.<\/li><\/ol>\n\n\n\n<h2 class=\"wp-block-heading\">Cap\u00edtol IV. La Junta Directiva<\/h2>\n\n\n\n<h3 class=\"wp-block-heading\">Article 14. Elecci\u00f3 i nomenament.<\/h3>\n\n\n\n<ol class=\"wp-block-list\"><li>Regeix, administra i representa la Federaci\u00f3 la Junta Directiva, que componen el president, el vicepresident, el secretari, el tresorer i un vocal per cada Agrupaci\u00f3 de Defensa Forestal federada que no tingui cap dels 4 c\u00e0rrecs primers. Aquests c\u00e0rrecs han de ser exercits per persones diferents, i sempre d\u2019Agrupacions de Defensa Forestal diferents. Hauran de justificar per escrit que s\u00f3n representants de cadascun dels membres de la Federaci\u00f3, acreditant el seu nomenament amb les actes corresponents.<\/li><li>L&#8217;elecci\u00f3 dels c\u00e0rrecs de la Junta Directiva, que han de ser representants o delegats de les Agrupacions de Defensa Forestal federades, es fa per votaci\u00f3 de l&#8217;Assemblea General. Les persones elegides entren en funcions despr\u00e9s d&#8217;haver acceptat el c\u00e0rrec.<\/li><li>El nomenament i el cessament dels c\u00e0rrecs han de ser certificats pel secretari sortint, amb el vistiplau del president sortint, i s&#8217;han de comunicar al Registre d&#8217;Associacions.<\/li><\/ol>\n\n\n\n<h3 class=\"wp-block-heading\">Article 15. Duraci\u00f3 dels c\u00e0rrecs, cessaments i vacants.<\/h3>\n\n\n\n<ol class=\"wp-block-list\"><li>Els c\u00e0rrecs de la Junta Directiva exerceixen el mandat durant un per\u00edode de 4 anys, sense perjudici que puguin ser reelegits; encara que s\u2019intentar\u00e0 que siguin rotatius al cap d\u2019aquests quatre anys.<\/li><li>El cessament dels c\u00e0rrecs abans d&#8217;extingir-se el termini reglamentari del seu mandat pot esdevenir-se per:\na) Dimissi\u00f3 volunt\u00e0ria presentada mitjan\u00e7ant un escrit en el qual se n&#8217;exposin els motius.\nb) Malaltia que incapaciti per exercir el c\u00e0rrec.\nc) Baixa com a representant o delegat de les Agrupacions de Defensa Forestal.\nd) Sanci\u00f3 per una falta comesa en l&#8217;exercici del c\u00e0rrec, imposada d&#8217;acord amb el que estableix l&#8217;article 13.3 dels estatuts.<\/li><li>Les vacants que es produeixin en la Junta Directiva s&#8217;han de cobrir en la primera reuni\u00f3 de l&#8217;Assemblea General que tingui lloc. Mentrestant, un representant o delegat del membre que causa baixa a la Federaci\u00f3 pot ocupar provisionalment el c\u00e0rrec vacant. Aquesta ocupaci\u00f3 del c\u00e0rrec nom\u00e9s ser\u00e0 per el pla\u00e7 restant fins a esgotar el per\u00edode de mandat, \u00e9s a dir, fins a les properes eleccions.<\/li><\/ol>\n\n\n\n<h3 class=\"wp-block-heading\">Article 16. Facultats<\/h3>\n\n\n\n<ol class=\"wp-block-list\"><li>La Junta Directiva t\u00e9 les facultats seg\u00fcents:\na) Representar, dirigir i administrar la Federaci\u00f3 de la manera m\u00e9s \u00e0mplia que reconegui la Llei; aix\u00ed mateix, complir les decisions preses per l&#8217;Assemblea General, d&#8217;acord amb les normes, instruccions i directrius que aquesta Assemblea estableixi.\nb) Prendre els acords que calgui en relaci\u00f3 amb la compareixen\u00e7a davant dels organismes p\u00fablics i per exercir tota mena d&#8217;accions legals i interposar els recursos pertinents.\nc) Proposar a l&#8217;Assemblea General la defensa dels interessos de la Federaci\u00f3.\nd) Convocar les assemblees generals i controlar que es compleixin els acords que s&#8217;hi adoptin.\ne) Presentar el balan\u00e7 i l&#8217;estat de comptes de cada exercici a l\u2019Assemblea General perqu\u00e8 els aprovi, i confeccionar els pressupostos de l&#8217;exercici seg\u00fcent.\nf) Contractar els empleats que la Federaci\u00f3 pugui tenir.\ng) Inspeccionar la comptabilitat i preocupar-se perqu\u00e8 els serveis funcionin amb normalitat.\nh) Establir grups de treball per aconseguir de la manera m\u00e9s eficient i efica\u00e7 els fins de la Federaci\u00f3, i autoritzar els actes que aquests grups projectin dur a terme.\ni) Nomenar els representants de la Junta Directiva que s&#8217;hagin d&#8217;encarregar de cada grup de treball, a proposta dels mateixos grups.\nj) Dur a terme les gestions necess\u00e0ries davant d&#8217;organismes p\u00fablics, entitats i altres, per aconseguir: subvencions, convenis, programes de col\u00b7laboraci\u00f3 i altres ajuts, l&#8217;\u00fas de locals o edificis per desenvolupar les tasques pr\u00f2pies de la Federaci\u00f3.\nk) Obrir comptes corrents i llibretes d&#8217;estalvis a qualsevol establiment de cr\u00e8dit d&#8217;estalvi i disposar dels fons que hi hagi en aquest dip\u00f2sit. La disposici\u00f3 dels fons es determina a l&#8217;article 28.\nl) Resoldre provisionalment qualsevol cas que no hagin previst els estatuts i donar-ne compte en la primera reuni\u00f3 de l\u2019Assemblea General.\nm) Qualsevol altra facultat que no estigui atribu\u00efda d&#8217;una manera espec\u00edfica a algun altre \u00f2rgan de govern de l&#8217;Associaci\u00f3 o que li hagi estat delegada expressament.<\/li><\/ol>\n\n\n\n<h3 class=\"wp-block-heading\">Article 17. Convocat\u00f2ria de reunions<\/h3>\n\n\n\n<ol class=\"wp-block-list\"><li>La Junta Directiva, convocada pr\u00e8viament pel president o per la persona que el substitueixi, s&#8217;ha de reunir en sessi\u00f3 ordin\u00e0ria amb la periodicitat que els seus c\u00e0rrecs decideixin. En tot cas ser\u00e0 de dos cops l\u2019any sense comptar l\u2019Assemblea<\/li><li>S&#8217;ha de reunir en sessi\u00f3 extraordin\u00e0ria quan la convoqui amb aquest car\u00e0cter el president o b\u00e9 si ho sol\u00b7liciten tres dels membres que la componen.<\/li><\/ol>\n\n\n\n<h3 class=\"wp-block-heading\">Article 18. Constituci\u00f3 i acords<\/h3>\n\n\n\n<ol class=\"wp-block-list\"><li>La Junta Directiva queda constitu\u00efda v\u00e0lidament si ha estat convocada amb antelaci\u00f3 i hi ha un qu\u00f2rum de la meitat m\u00e9s un dels seus c\u00e0rrecs o delegats.<\/li><li>Els c\u00e0rrecs de la Junta Directiva estan obligats a assistir a totes les reunions que es convoquin, encara que, per causes justificades, poden excusar-se\u2019n. L&#8217;assist\u00e8ncia del president, del secretari o de les persones que els substitueixin hi \u00e9s necess\u00e0ria sempre.<\/li><li>La Junta Directiva pren els acords per majoria de tres quarts de la quota de vot de cada Agrupaci\u00f3 de Defensa Forestal present o delegada.<\/li><li>Cadascuna de les Agrupacions de Defensa Forestal podr\u00e0 nomenar delegat del seu c\u00e0rrec en una carta signada per el President o Secretari de la pr\u00f2pia Agrupaci\u00f3 de Defensa Forestal.<\/li><li>Cadascuna de les Agrupacions de Defensa Forestal es lliure de convidar a representants dels municipis que l\u2019integren.<\/li><\/ol>\n\n\n\n<h3 class=\"wp-block-heading\">Article 19. Comissions de treball i mandataris<\/h3>\n\n\n\n<ol class=\"wp-block-list\"><li>La Junta Directiva pot encarregar alguna de les seves facultats en una o diverses comissions o grups de treball si compta, per fer-ho, amb la majoria de tres quarts de la quota de vot de cada Agrupaci\u00f3 de Defensa Forestal present o delegada.<\/li><li>Tamb\u00e9 pot nomenar, amb el mateix qu\u00f2rum, un o uns quants mandataris per exercir la funci\u00f3 que els confi\u00ef amb les facultats que cregui oport\u00fa conferir-los en cada cas.<\/li><\/ol>\n\n\n\n<h3 class=\"wp-block-heading\">Article 20. Actes<\/h3>\n\n\n\n<ol class=\"wp-block-list\"><li>Els acords de la Junta Directiva s&#8217;han de fer constar en el llibre d&#8217;actes i han de ser signats pel secretari i el president. 2. En iniciar-se cada reuni\u00f3 de la Junta Directiva, s&#8217;ha de llegir l&#8217;acta de la sessi\u00f3 anterior perqu\u00e8 s&#8217;aprovi o es rectifiqui, si \u00e9s procedent.<\/li><\/ol>\n\n\n\n<h2 class=\"wp-block-heading\">Cap\u00edtol V. El president i el vicepresident<\/h2>\n\n\n\n<h3 class=\"wp-block-heading\">Article 21. Funcions i substituci\u00f3.<\/h3>\n\n\n\n<ol class=\"wp-block-list\"><li>S\u00f3n pr\u00f2pies del president les funcions seg\u00fcents:\na) Dirigir i representar legalment la Federaci\u00f3, per mandat de l&#8217;Assemblea General i de la Junta Directiva.\nb) Presidir i dirigir els debats, tant de l&#8217;Assemblea General com de la Junta Directiva.\nc) Emetre un vot de qualitat decisori en els casos d&#8217;empat.\nd) Establir la convocat\u00f2ria de les reunions de l&#8217;Assemblea General i de la Junta Directiva.\ne) Visar les actes i els certificats confeccionats pel secretari de la Federaci\u00f3.\nf) Les atribucions restants pr\u00f2pies del c\u00e0rrec i aquelles que li siguin encarregades per l&#8217;Assemblea General o la Junta Directiva.<\/li><li>El president \u00e9s substitu\u00eft, en cas d&#8217;abs\u00e8ncia o malaltia, pel vicepresident o el membre de m\u00e9s edat de la Junta, per aquest ordre.<\/li><\/ol>\n\n\n\n<h2 class=\"wp-block-heading\">Cap\u00edtol VI. El tresorer i el secretari<\/h2>\n\n\n\n<h3 class=\"wp-block-heading\">Article 22. El tresorer<\/h3>\n\n\n\n<ol class=\"wp-block-list\"><li>El tresorer t\u00e9 com a funci\u00f3 la cust\u00f2dia i el control dels recursos de la Federaci\u00f3, com tamb\u00e9 l&#8217;elaboraci\u00f3 del pressupost, el balan\u00e7 i la liquidaci\u00f3 de comptes. Porta un llibre de caixa. Signa els rebuts i altres documents de tresoreria. Paga les factures aprovades per la Junta Directiva, les quals han d&#8217;\u00e9sser visades pr\u00e8viament pel president, i ingressa el que sobra en dip\u00f2sits oberts en establiments de cr\u00e8dit o d&#8217;estalvi.<\/li><\/ol>\n\n\n\n<h3 class=\"wp-block-heading\">Article 23. El secretari<\/h3>\n\n\n\n<ol class=\"wp-block-list\"><li>El secretari ha de custodiar la documentaci\u00f3 de la Federaci\u00f3, aixecar, redactar i signar les actes de les reunions de l&#8217;Assemblea General i la Junta Directiva, redactar i autoritzar els certificats que calgui lliurar, i tamb\u00e9 portar el llibre de registre de socis. Si el Secretari no hi \u00e9s, l\u2019ha de substituir el vocal m\u00e9s jove de la Junta Directiva.<\/li><\/ol>\n\n\n\n<h2 class=\"wp-block-heading\">Cap\u00edtol VII. Les comissions o grups de treball<\/h2>\n\n\n\n<h3 class=\"wp-block-heading\">Article 24. Comissions i grups de treball<\/h3>\n\n\n\n<ol class=\"wp-block-list\"><li>La creaci\u00f3 i constituci\u00f3 de qualsevol comissi\u00f3 o grup de treball que puguin sorgir per voluntat pr\u00f2pia, l&#8217;han de plantejar els membres de la Federaci\u00f3 que vulguin formar-los, que n&#8217;han d&#8217;assabentar a la Junta Directiva i explicar les activitats que es proposen dur a terme.<\/li><li>La Junta Directiva ho ha d\u2019aprovar per majoria de tres quarts de la quota de vot de cada Agrupaci\u00f3 de Defensa Forestal present o delegada. S&#8217;ha de preocupar d&#8217;analitzar les diferents comissions o grups de treball, els encarregats dels quals li han de presentar peri\u00f2dicament un informe detallat de les seves actuacions.<\/li><\/ol>\n\n\n\n<h2 class=\"wp-block-heading\">Cap\u00edtol VIII. El r\u00e8gim econ\u00f2mic<\/h2>\n\n\n\n<h3 class=\"wp-block-heading\">Article 25. Patrimoni<\/h3>\n\n\n\n<ol class=\"wp-block-list\"><li>Aquesta Federaci\u00f3 no t\u00e9 patrimoni fundacional.<\/li><\/ol>\n\n\n\n<h3 class=\"wp-block-heading\">Article 26. Recursos<\/h3>\n\n\n\n<ol class=\"wp-block-list\"><li>Els recursos econ\u00f2mics de la Federaci\u00f3 es nodreixen de:\na) Les subvencions oficials o particulars.\nb) Les donacions, les her\u00e8ncies o els llegats.\nc) Les rendes del patrimoni mateix o b\u00e9 altres ingressos que puguin obtenir-se.\nd) Les quotes a les ADF federades que acordi l&#8217;Assemblea General.\ne) Els rendiments d&#8217;activitats econ\u00f2miques subjectes a la prevenci\u00f3 d&#8217;incendis forestals.\nf) Qualsevol altre ingr\u00e9s l\u00edcit que acordi l&#8217;Assemblea General.<\/li><\/ol>\n\n\n\n<h3 class=\"wp-block-heading\">Article 27. Exercici<\/h3>\n\n\n\n<ol class=\"wp-block-list\"><li>L&#8217;exercici econ\u00f2mic coincideix amb l&#8217;any natural i queda tancat el 31 de desembre.<\/li><\/ol>\n\n\n\n<h3 class=\"wp-block-heading\">Article 28. Comptes bancaris<\/h3>\n\n\n\n<ol class=\"wp-block-list\"><li>En els comptes corrents o llibretes d&#8217;estalvis obertes en establiments de cr\u00e8dit o d&#8217;estalvi, hi han de figurar les signatures del president, el tresorer i el secretari.<\/li><li>Per poder disposar dels fons n&#8217;hi ha prou amb dues firmes, una e les quals ha de ser la del tresorer o b\u00e9 la del president.<\/li><\/ol>\n\n\n\n<h2 class=\"wp-block-heading\">Cap\u00edtol IX. El r\u00e8gim disciplinari<\/h2>\n\n\n\n<h3 class=\"wp-block-heading\">Article 29 . Sancions<\/h3>\n\n\n\n<ol class=\"wp-block-list\"><li>L&#8217;\u00f2rgan de govern pot sancionar les infraccions comeses per les Agrupacions de Defensa Forestal federades que incompleixen les seves obligacions.<\/li><li>Aquestes infraccions es poden qualificar de lleus, greus i molt greus, i les sancions corresponents poden anar des d&#8217;una amonestaci\u00f3 fins a l\u00b4expulsi\u00f3 de la Federaci\u00f3, segons el que estableixi el reglament intern.<\/li><li>El procediment sancionador s&#8217;inicia d&#8217;ofici o b\u00e9 com a conseq\u00fc\u00e8ncia d&#8217;una den\u00fancia o comunicaci\u00f3. En el termini de 10 dies h\u00e0bils, la Junta Directiva nomena un instructor, que tramita l&#8217;expedient sancionador i proposa la resoluci\u00f3 en el termini de 15 dies h\u00e0bils, amb audi\u00e8ncia pr\u00e8via del presumpte infractor. La resoluci\u00f3 final, que ha de ser motivada i aprovada per la majoria de tres quarts de la quota de vot de cada Agrupaci\u00f3 de Defensa Forestal present o delegada, l&#8217;adopta aquest \u00f2rgan de govern tamb\u00e9 dins d&#8217;un per\u00edode de 15 dies h\u00e0bils.<\/li><li>Contra les sancions per faltes greus i molt greus acordades per la Junta Directiva, les persones interessades hi poden rec\u00f3rrer, si el reglament intern estableix el procediment per fer-ho, davant la primera assemblea general que tingui lloc.<\/li><\/ol>\n\n\n\n<h2 class=\"wp-block-heading\">Cap\u00edtol X. La dissoluci\u00f3<\/h2>\n\n\n\n<h3 class=\"wp-block-heading\">Article 30. Dissoluci\u00f3<\/h3>\n\n\n\n<ol class=\"wp-block-list\"><li>La Federaci\u00f3 pot ser dissolta si ho acorda l&#8217;Assemblea General, convocada amb car\u00e0cter extraordinari expressament per a aquest fi.<\/li><li>Un cop acordada la dissoluci\u00f3, l&#8217;Assemblea General ha de prendre les mesures oportunes tant pel que fa a la destinaci\u00f3 dels b\u00e9ns i drets de la Federaci\u00f3, com a la finalitat, l&#8217;extinci\u00f3 i la liquidaci\u00f3 de qualsevol operaci\u00f3 pendent.<\/li><li>L&#8217;Assemblea est\u00e0 facultada per elegir una comissi\u00f3 liquidadora sempre que ho cregui necessari.<\/li><li>Els representants de cada Agrupaci\u00f3 de Defensa Forestal de la Federaci\u00f3 estan exempts de responsabilitat personal. La seva responsabilitat queda limitada a complir les obligacions que ells mateixos hagin contret volunt\u00e0riament.<\/li><li>El romanent net que resulti de la liquidaci\u00f3 s&#8217;ha de lliurar directament a l&#8217;entitat p\u00fablica o privada sense afany de lucre que, en l&#8217;\u00e0mbit territorial d&#8217;actuaci\u00f3 de la Federaci\u00f3, hagi destacat m\u00e9s en la seva activitat a favor de la prevenci\u00f3 dels incendis forestals.<\/li><li>Les funcions de liquidaci\u00f3 i d&#8217;execuci\u00f3 dels acords a qu\u00e8 fan refer\u00e8ncia els apartats anteriors d&#8217;aquest mateix article s\u00f3n compet\u00e8ncia de la Junta Directiva si l&#8217;Assemblea General no confereix aquesta missi\u00f3 a una comissi\u00f3 liquidadora especialment designada.<\/li><\/ol>\n\n\n\n<p>Dilig\u00e8ncia per a fer constar que aquests estatuts s\u2019han aprovat en assemblea general  extraordin\u00e0ria celebrada a Santa Cristina d\u2019Aro el 13 de desembre de 2016.<\/p>\n\n\n\n<p> El secretari                             El president<\/p>\n\n\n\n<p>Enric Mateu i Pou                   Melcior Soler i Sala<\/p>\n\n\n\n<p> Santa Cristina d\u2019Aro, 13 de desembre de 2016  <br><\/p>\n","protected":false},"excerpt":{"rendered":"<p>Cap\u00edtol I. La denominaci\u00f3, els fins i el domicili Article 1. Denominaci\u00f3 Amb la denominaci\u00f3 Federaci\u00f3 d\u2019Agrupacions de Defensa Forestal Les Gavarres es constitueix una Federaci\u00f3 d\u2019Agrupacions de Defensa Forestal, que regula les seves activitats d\u2019acord amb el que estableix la Llei 4\/2008, de 24 d\u2019abril, del llibre tercer del Codi civil de Catalunya, relatiu &#8230; <a title=\"ESTATUTS SOCIALS DE LA FEDERACI\u00d3 D\u2019AGRUPACIONS DE DEFENSA FORESTAL LES GAVARRES\" class=\"read-more\" href=\"https:\/\/www.adfgavarres.cat\/?page_id=67\" aria-label=\"M\u00e9s informaci\u00f3 sobre ESTATUTS SOCIALS DE LA FEDERACI\u00d3 D\u2019AGRUPACIONS DE DEFENSA FORESTAL LES GAVARRES\">Llegiu m\u00e9s<\/a><\/p>\n","protected":false},"author":1,"featured_media":0,"parent":0,"menu_order":0,"comment_status":"closed","ping_status":"closed","template":"","meta":{"footnotes":""},"class_list":["post-67","page","type-page","status-publish"],"jetpack_sharing_enabled":true,"publishpress_future_action":{"enabled":false,"date":"2026-05-10 14:35:46","action":"change-status","newStatus":"draft","terms":[],"taxonomy":"","extraData":[]},"publishpress_future_workflow_manual_trigger":{"enabledWorkflows":[]},"_links":{"self":[{"href":"https:\/\/www.adfgavarres.cat\/index.php?rest_route=\/wp\/v2\/pages\/67","targetHints":{"allow":["GET"]}}],"collection":[{"href":"https:\/\/www.adfgavarres.cat\/index.php?rest_route=\/wp\/v2\/pages"}],"about":[{"href":"https:\/\/www.adfgavarres.cat\/index.php?rest_route=\/wp\/v2\/types\/page"}],"author":[{"embeddable":true,"href":"https:\/\/www.adfgavarres.cat\/index.php?rest_route=\/wp\/v2\/users\/1"}],"replies":[{"embeddable":true,"href":"https:\/\/www.adfgavarres.cat\/index.php?rest_route=%2Fwp%2Fv2%2Fcomments&post=67"}],"version-history":[{"count":1,"href":"https:\/\/www.adfgavarres.cat\/index.php?rest_route=\/wp\/v2\/pages\/67\/revisions"}],"predecessor-version":[{"id":68,"href":"https:\/\/www.adfgavarres.cat\/index.php?rest_route=\/wp\/v2\/pages\/67\/revisions\/68"}],"wp:attachment":[{"href":"https:\/\/www.adfgavarres.cat\/index.php?rest_route=%2Fwp%2Fv2%2Fmedia&parent=67"}],"curies":[{"name":"wp","href":"https:\/\/api.w.org\/{rel}","templated":true}]}}